{"version":"1.0","provider_name":"Caf\u00e9 Colombia Roastery Shop","provider_url":"https:\/\/cafecolombia.be\/nl","author_name":"Caf\u00e9 Colombia","author_url":"https:\/\/cafecolombia.be\/nl\/author\/bouharrassalahddinegmail-com\/","title":"Du grain vert \u00e0 la torr\u00e9faction : notre passion pour les caf\u00e9s de sp\u00e9cialit\u00e9 d\u2019exception.","type":"rich","width":600,"height":338,"html":"<blockquote class=\"wp-embedded-content\" data-secret=\"xNdNfVjIza\"><a href=\"https:\/\/cafecolombia.be\/nl\/le-parcours-du-cafe\/\">De koffieroute<\/a><\/blockquote><iframe sandbox=\"allow-scripts\" security=\"restricted\" src=\"https:\/\/cafecolombia.be\/nl\/le-parcours-du-cafe\/embed\/#?secret=xNdNfVjIza\" width=\"600\" height=\"338\" title=\"&#8220;Le parcours du caf\u00e9&#8221; &#8212; Caf\u00e9 Colombia Roastery Shop\" data-secret=\"xNdNfVjIza\" frameborder=\"0\" marginwidth=\"0\" marginheight=\"0\" scrolling=\"no\" class=\"wp-embedded-content\"><\/iframe><script>\n\/*! This file is auto-generated *\/\n!function(d,l){\"use strict\";l.querySelector&&d.addEventListener&&\"undefined\"!=typeof URL&&(d.wp=d.wp||{},d.wp.receiveEmbedMessage||(d.wp.receiveEmbedMessage=function(e){var t=e.data;if((t||t.secret||t.message||t.value)&&!\/[^a-zA-Z0-9]\/.test(t.secret)){for(var s,r,n,a=l.querySelectorAll('iframe[data-secret=\"'+t.secret+'\"]'),o=l.querySelectorAll('blockquote[data-secret=\"'+t.secret+'\"]'),c=new RegExp(\"^https?:$\",\"i\"),i=0;i<o.length;i++)o[i].style.display=\"none\";for(i=0;i<a.length;i++)s=a[i],e.source===s.contentWindow&&(s.removeAttribute(\"style\"),\"height\"===t.message?(1e3<(r=parseInt(t.value,10))?r=1e3:~~r<200&&(r=200),s.height=r):\"link\"===t.message&&(r=new URL(s.getAttribute(\"src\")),n=new URL(t.value),c.test(n.protocol))&&n.host===r.host&&l.activeElement===s&&(d.top.location.href=t.value))}},d.addEventListener(\"message\",d.wp.receiveEmbedMessage,!1),l.addEventListener(\"DOMContentLoaded\",function(){for(var e,t,s=l.querySelectorAll(\"iframe.wp-embedded-content\"),r=0;r<s.length;r++)(t=(e=s[r]).getAttribute(\"data-secret\"))||(t=Math.random().toString(36).substring(2,12),e.src+=\"#?secret=\"+t,e.setAttribute(\"data-secret\",t)),e.contentWindow.postMessage({message:\"ready\",secret:t},\"*\")},!1)))}(window,document);\n\/\/# sourceURL=https:\/\/cafecolombia.be\/wp-includes\/js\/wp-embed.min.js\n<\/script>","thumbnail_url":"https:\/\/cafecolombia.be\/wp-content\/uploads\/2025\/12\/Du-grain-vert-au-cafe-dexception-notre-passion-pour-le-geish-Cafe-Colombia-Roastery-Shop-\u2013-Cafes-et-thes-haut-de-gammea-de-lAcatenango-7.png","thumbnail_width":650,"thumbnail_height":385,"description":"Qu\u2019est-ce qui transforme une simple graine verte en une tasse de caf\u00e9 aux ar\u00f4mes envo\u00fbtants ? La r\u00e9ponse tient en un mot : la torr\u00e9faction. Cet art ancestral, que nous pratiquons avec passion chez Caf\u00e9 Colombia, est le pont entre le travail du producteur que nous valorisons gr\u00e2ce \u00e0 nos contacts directs et \u00e0 nos visites r\u00e9guli\u00e8res et le plaisir du consommateur."}